{"id":1058,"date":"2013-03-09T07:32:22","date_gmt":"2013-03-09T07:32:22","guid":{"rendered":"http:\/\/theartic-emden.de\/?page_id=1058"},"modified":"2018-08-28T09:45:43","modified_gmt":"2018-08-28T09:45:43","slug":"galerie-test","status":"publish","type":"page","link":"http:\/\/theartic-emden.de\/?page_id=1058","title":{"rendered":"verirrt, verwirrt (2013)"},"content":{"rendered":"<p>Fotos der Theartic junior Produktion \u201everirrt, verwirrt\u201c (M\u00e4rz 2013 | Kulturbunker Barenburg)<\/p>\n<p>Bilder zum Vergr\u00f6\u00dfern anklicken.<\/p>\n<div data-carousel-extra='{\"blog_id\":1,\"permalink\":\"http:\\\/\\\/theartic-emden.de\\\/?page_id=1058\",\"likes_blog_id\":false}' class=\"tiled-gallery type-rectangular tiled-gallery-unresized\" data-original-width=\"640\"><div class=\"gallery-row\" style=\"width: 635px; height: 190px;\"><div class=\"gallery-group images-1\" style=\"width: 227px; height: 194px;\"><div class=\"tiled-gallery-item tiled-gallery-item-small\"><a href=\"http:\/\/theartic-emden.de\/wp-content\/uploads\/2013\/03\/TJ_VerirrtVerwirrt_Bank-.jpg\"><img data-attachment-id=\"1080\" data-orig-file=\"http:\/\/theartic-emden.de\/wp-content\/uploads\/2013\/03\/TJ_VerirrtVerwirrt_Bank-.jpg\" data-orig-size=\"900,765\" data-comments-opened=\"0\" data-image-meta=\"{&quot;aperture&quot;:&quot;4&quot;,&quot;credit&quot;:&quot;Ernst Weerts&quot;,&quot;camera&quot;:&quot;DSLR-A900&quot;,&quot;caption&quot;:&quot;Theatic junior - verirrt, verwirrt | 03\\\/2013 | Fotos: Ernst Weerts | www.ernstweerts.de&quot;,&quot;created_timestamp&quot;:&quot;1362157699&quot;,&quot;copyright&quot;:&quot;Ernst Weerts | www.ernstweerts.de&quot;,&quot;focal_length&quot;:&quot;100&quot;,&quot;iso&quot;:&quot;1600&quot;,&quot;shutter_speed&quot;:&quot;0.004&quot;,&quot;title&quot;:&quot;&quot;}\" data-image-title=\"Theartic junior | \u201everirrt, verwirrt\u201c | M\u00e4rz 2013\" data-image-description=\"&lt;p&gt;Theatic junior &#8211; verirrt, verwirrt | 03\/2013 | Fotos: Ernst Weerts | www.ernstweerts.de&lt;\/p&gt;\n\" data-medium-file=\"http:\/\/theartic-emden.de\/wp-content\/uploads\/2013\/03\/TJ_VerirrtVerwirrt_Bank--480x408.jpg\" data-large-file=\"http:\/\/theartic-emden.de\/wp-content\/uploads\/2013\/03\/TJ_VerirrtVerwirrt_Bank-.jpg\" src=\"http:\/\/theartic-emden.de\/wp-content\/uploads\/2013\/03\/TJ_VerirrtVerwirrt_Bank-.jpg?w=223&#038;h=190\" width=\"223\" height=\"190\" align=\"left\" title=\"Theartic junior | \u201everirrt, verwirrt\u201c | M\u00e4rz 2013\" \/><\/a><div class=\"tiled-gallery-caption\">Theartic junior | \u201everirrt, verwirrt\u201c | M\u00e4rz 2013<\/div><\/div><\/div><div class=\"gallery-group images-1\" style=\"width: 408px; height: 194px;\"><div class=\"tiled-gallery-item tiled-gallery-item-large\"><a href=\"http:\/\/theartic-emden.de\/wp-content\/uploads\/2013\/03\/OZ-Bild_verirrtverwirrt.jpg\"><img data-attachment-id=\"987\" data-orig-file=\"http:\/\/theartic-emden.de\/wp-content\/uploads\/2013\/03\/OZ-Bild_verirrtverwirrt.jpg\" data-orig-size=\"1000,470\" data-comments-opened=\"0\" data-image-meta=\"{&quot;aperture&quot;:&quot;0&quot;,&quot;credit&quot;:&quot;&quot;,&quot;camera&quot;:&quot;&quot;,&quot;caption&quot;:&quot;&quot;,&quot;created_timestamp&quot;:&quot;0&quot;,&quot;copyright&quot;:&quot;&quot;,&quot;focal_length&quot;:&quot;0&quot;,&quot;iso&quot;:&quot;0&quot;,&quot;shutter_speed&quot;:&quot;0&quot;,&quot;title&quot;:&quot;&quot;}\" data-image-title=\"OZ-Bild_verirrtverwirrt\" data-image-description=\"\" data-medium-file=\"http:\/\/theartic-emden.de\/wp-content\/uploads\/2013\/03\/OZ-Bild_verirrtverwirrt-480x225.jpg\" data-large-file=\"http:\/\/theartic-emden.de\/wp-content\/uploads\/2013\/03\/OZ-Bild_verirrtverwirrt.jpg\" src=\"http:\/\/theartic-emden.de\/wp-content\/uploads\/2013\/03\/OZ-Bild_verirrtverwirrt.jpg?w=404&#038;h=190\" width=\"404\" height=\"190\" align=\"left\" title=\"OZ-Bild_verirrtverwirrt\" \/><\/a><\/div><\/div><\/div><div class=\"gallery-row\" style=\"width: 635px; height: 305px;\"><div class=\"gallery-group images-1\" style=\"width: 420px; height: 309px;\"><div class=\"tiled-gallery-item tiled-gallery-item-large\"><a href=\"http:\/\/theartic-emden.de\/wp-content\/uploads\/2013\/03\/TJ_VerirrtVerwirrt_Mumie-.jpg\"><img data-attachment-id=\"1079\" data-orig-file=\"http:\/\/theartic-emden.de\/wp-content\/uploads\/2013\/03\/TJ_VerirrtVerwirrt_Mumie-.jpg\" data-orig-size=\"1100,808\" data-comments-opened=\"0\" data-image-meta=\"{&quot;aperture&quot;:&quot;3.2&quot;,&quot;credit&quot;:&quot;Ernst Weerts&quot;,&quot;camera&quot;:&quot;DSLR-A900&quot;,&quot;caption&quot;:&quot;Theatic junior - verirrt, verwirrt | 03\\\/2013 | Fotos: Ernst Weerts | www.ernstweerts.de&quot;,&quot;created_timestamp&quot;:&quot;1362163876&quot;,&quot;copyright&quot;:&quot;Ernst Weerts | www.ernstweerts.de&quot;,&quot;focal_length&quot;:&quot;70&quot;,&quot;iso&quot;:&quot;1600&quot;,&quot;shutter_speed&quot;:&quot;0.002&quot;,&quot;title&quot;:&quot;&quot;}\" data-image-title=\"Theartic junior | \u201everirrt, verwirrt\u201c | M\u00e4rz 2013\" data-image-description=\"&lt;p&gt;Theatic junior &#8211; verirrt, verwirrt | 03\/2013 | Fotos: Ernst Weerts | www.ernstweerts.de&lt;\/p&gt;\n\" data-medium-file=\"http:\/\/theartic-emden.de\/wp-content\/uploads\/2013\/03\/TJ_VerirrtVerwirrt_Mumie--480x352.jpg\" data-large-file=\"http:\/\/theartic-emden.de\/wp-content\/uploads\/2013\/03\/TJ_VerirrtVerwirrt_Mumie--1024x752.jpg\" src=\"http:\/\/theartic-emden.de\/wp-content\/uploads\/2013\/03\/TJ_VerirrtVerwirrt_Mumie-.jpg?w=416&#038;h=305\" width=\"416\" height=\"305\" align=\"left\" title=\"Theartic junior | \u201everirrt, verwirrt\u201c | M\u00e4rz 2013\" \/><\/a><div class=\"tiled-gallery-caption\">Theartic junior | \u201everirrt, verwirrt\u201c | M\u00e4rz 2013<\/div><\/div><\/div><div class=\"gallery-group images-2\" style=\"width: 215px; height: 309px;\"><div class=\"tiled-gallery-item tiled-gallery-item-small\"><a href=\"http:\/\/theartic-emden.de\/wp-content\/uploads\/2013\/03\/TJ_VerirrtVerwirrt_Bank2-.jpg\"><img data-attachment-id=\"1078\" data-orig-file=\"http:\/\/theartic-emden.de\/wp-content\/uploads\/2013\/03\/TJ_VerirrtVerwirrt_Bank2-.jpg\" data-orig-size=\"1100,819\" data-comments-opened=\"0\" data-image-meta=\"{&quot;aperture&quot;:&quot;4&quot;,&quot;credit&quot;:&quot;Ernst Weerts&quot;,&quot;camera&quot;:&quot;DSLR-A900&quot;,&quot;caption&quot;:&quot;Theatic junior - verirrt, verwirrt | 03\\\/2013 | Fotos: Ernst Weerts | www.ernstweerts.de&quot;,&quot;created_timestamp&quot;:&quot;1362157647&quot;,&quot;copyright&quot;:&quot;Ernst Weerts | www.ernstweerts.de&quot;,&quot;focal_length&quot;:&quot;150&quot;,&quot;iso&quot;:&quot;1600&quot;,&quot;shutter_speed&quot;:&quot;0.00625&quot;,&quot;title&quot;:&quot;&quot;}\" data-image-title=\"Theartic junior | \u201everirrt, verwirrt\u201c | M\u00e4rz 2013\" data-image-description=\"&lt;p&gt;Theatic junior &#8211; verirrt, verwirrt | 03\/2013 | Fotos: Ernst Weerts | www.ernstweerts.de&lt;\/p&gt;\n\" data-medium-file=\"http:\/\/theartic-emden.de\/wp-content\/uploads\/2013\/03\/TJ_VerirrtVerwirrt_Bank2--480x357.jpg\" data-large-file=\"http:\/\/theartic-emden.de\/wp-content\/uploads\/2013\/03\/TJ_VerirrtVerwirrt_Bank2--1024x762.jpg\" src=\"http:\/\/theartic-emden.de\/wp-content\/uploads\/2013\/03\/TJ_VerirrtVerwirrt_Bank2-.jpg?w=211&#038;h=157\" width=\"211\" height=\"157\" align=\"left\" title=\"Theartic junior | \u201everirrt, verwirrt\u201c | M\u00e4rz 2013\" \/><\/a><div class=\"tiled-gallery-caption\">Theartic junior | \u201everirrt, verwirrt\u201c | M\u00e4rz 2013<\/div><\/div><div class=\"tiled-gallery-item tiled-gallery-item-small\"><a href=\"http:\/\/theartic-emden.de\/wp-content\/uploads\/2013\/03\/TJ_VerirrtVerwirrt_SophiesStrandbad1-.jpg\"><img data-attachment-id=\"1077\" data-orig-file=\"http:\/\/theartic-emden.de\/wp-content\/uploads\/2013\/03\/TJ_VerirrtVerwirrt_SophiesStrandbad1-.jpg\" data-orig-size=\"1100,749\" data-comments-opened=\"0\" data-image-meta=\"{&quot;aperture&quot;:&quot;4&quot;,&quot;credit&quot;:&quot;Ernst Weerts&quot;,&quot;camera&quot;:&quot;DSLR-A900&quot;,&quot;caption&quot;:&quot;Theatic junior - verirrt, verwirrt | 03\\\/2013 | Fotos: Ernst Weerts | www.ernstweerts.de&quot;,&quot;created_timestamp&quot;:&quot;1362158013&quot;,&quot;copyright&quot;:&quot;Ernst Weerts | www.ernstweerts.de&quot;,&quot;focal_length&quot;:&quot;300&quot;,&quot;iso&quot;:&quot;1600&quot;,&quot;shutter_speed&quot;:&quot;0.004&quot;,&quot;title&quot;:&quot;&quot;}\" data-image-title=\"Theartic junior | \u201everirrt, verwirrt\u201c | M\u00e4rz 2013\" data-image-description=\"&lt;p&gt;Theatic junior &#8211; verirrt, verwirrt | 03\/2013 | Fotos: Ernst Weerts | www.ernstweerts.de&lt;\/p&gt;\n\" data-medium-file=\"http:\/\/theartic-emden.de\/wp-content\/uploads\/2013\/03\/TJ_VerirrtVerwirrt_SophiesStrandbad1--480x326.jpg\" data-large-file=\"http:\/\/theartic-emden.de\/wp-content\/uploads\/2013\/03\/TJ_VerirrtVerwirrt_SophiesStrandbad1--1024x697.jpg\" src=\"http:\/\/theartic-emden.de\/wp-content\/uploads\/2013\/03\/TJ_VerirrtVerwirrt_SophiesStrandbad1-.jpg?w=211&#038;h=144\" width=\"211\" height=\"144\" align=\"left\" title=\"Theartic junior | \u201everirrt, verwirrt\u201c | M\u00e4rz 2013\" \/><\/a><div class=\"tiled-gallery-caption\">Theartic junior | \u201everirrt, verwirrt\u201c | M\u00e4rz 2013<\/div><\/div><\/div><\/div><div class=\"gallery-row\" style=\"width: 635px; height: 334px;\"><div class=\"gallery-group images-2\" style=\"width: 246px; height: 338px;\"><div class=\"tiled-gallery-item tiled-gallery-item-small\"><a href=\"http:\/\/theartic-emden.de\/wp-content\/uploads\/2013\/03\/TJ_VerirrtVerwirrt_Fee-und-Kobold1-.jpg\"><img data-attachment-id=\"1076\" data-orig-file=\"http:\/\/theartic-emden.de\/wp-content\/uploads\/2013\/03\/TJ_VerirrtVerwirrt_Fee-und-Kobold1-.jpg\" data-orig-size=\"1100,763\" data-comments-opened=\"0\" data-image-meta=\"{&quot;aperture&quot;:&quot;4&quot;,&quot;credit&quot;:&quot;Ernst Weerts&quot;,&quot;camera&quot;:&quot;DSLR-A900&quot;,&quot;caption&quot;:&quot;Theatic junior - verirrt, verwirrt | 03\\\/2013 | Fotos: Ernst Weerts | www.ernstweerts.de&quot;,&quot;created_timestamp&quot;:&quot;1362158335&quot;,&quot;copyright&quot;:&quot;Ernst Weerts | www.ernstweerts.de&quot;,&quot;focal_length&quot;:&quot;230&quot;,&quot;iso&quot;:&quot;1600&quot;,&quot;shutter_speed&quot;:&quot;0.0125&quot;,&quot;title&quot;:&quot;&quot;}\" data-image-title=\"Theartic junior | \u201everirrt, verwirrt\u201c | M\u00e4rz 2013\" data-image-description=\"&lt;p&gt;Theatic junior &#8211; verirrt, verwirrt | 03\/2013 | Fotos: Ernst Weerts | www.ernstweerts.de&lt;\/p&gt;\n\" data-medium-file=\"http:\/\/theartic-emden.de\/wp-content\/uploads\/2013\/03\/TJ_VerirrtVerwirrt_Fee-und-Kobold1--480x332.jpg\" data-large-file=\"http:\/\/theartic-emden.de\/wp-content\/uploads\/2013\/03\/TJ_VerirrtVerwirrt_Fee-und-Kobold1--1024x710.jpg\" src=\"http:\/\/theartic-emden.de\/wp-content\/uploads\/2013\/03\/TJ_VerirrtVerwirrt_Fee-und-Kobold1-.jpg?w=242&#038;h=168\" width=\"242\" height=\"168\" align=\"left\" title=\"Theartic junior | \u201everirrt, verwirrt\u201c | M\u00e4rz 2013\" \/><\/a><div class=\"tiled-gallery-caption\">Theartic junior | \u201everirrt, verwirrt\u201c | M\u00e4rz 2013<\/div><\/div><div class=\"tiled-gallery-item tiled-gallery-item-small\"><a href=\"http:\/\/theartic-emden.de\/wp-content\/uploads\/2013\/03\/TJ_VerirrtVerwirrt_Forscher-und-Mumie1-.jpg\"><img data-attachment-id=\"1075\" data-orig-file=\"http:\/\/theartic-emden.de\/wp-content\/uploads\/2013\/03\/TJ_VerirrtVerwirrt_Forscher-und-Mumie1-.jpg\" data-orig-size=\"1100,733\" data-comments-opened=\"0\" data-image-meta=\"{&quot;aperture&quot;:&quot;4&quot;,&quot;credit&quot;:&quot;Ernst Weerts&quot;,&quot;camera&quot;:&quot;DSLR-A900&quot;,&quot;caption&quot;:&quot;Theatic junior - verirrt, verwirrt | 03\\\/2013 | Fotos: Ernst Weerts | www.ernstweerts.de&quot;,&quot;created_timestamp&quot;:&quot;1362158496&quot;,&quot;copyright&quot;:&quot;Ernst Weerts | www.ernstweerts.de&quot;,&quot;focal_length&quot;:&quot;230&quot;,&quot;iso&quot;:&quot;1600&quot;,&quot;shutter_speed&quot;:&quot;0.0008&quot;,&quot;title&quot;:&quot;&quot;}\" data-image-title=\"Theartic junior | \u201everirrt, verwirrt\u201c | M\u00e4rz 2013\" data-image-description=\"&lt;p&gt;Theatic junior &#8211; verirrt, verwirrt | 03\/2013 | Fotos: Ernst Weerts | www.ernstweerts.de&lt;\/p&gt;\n\" data-medium-file=\"http:\/\/theartic-emden.de\/wp-content\/uploads\/2013\/03\/TJ_VerirrtVerwirrt_Forscher-und-Mumie1--480x319.jpg\" data-large-file=\"http:\/\/theartic-emden.de\/wp-content\/uploads\/2013\/03\/TJ_VerirrtVerwirrt_Forscher-und-Mumie1--1024x682.jpg\" src=\"http:\/\/theartic-emden.de\/wp-content\/uploads\/2013\/03\/TJ_VerirrtVerwirrt_Forscher-und-Mumie1-.jpg?w=242&#038;h=162\" width=\"242\" height=\"162\" align=\"left\" title=\"Theartic junior | \u201everirrt, verwirrt\u201c | M\u00e4rz 2013\" \/><\/a><div class=\"tiled-gallery-caption\">Theartic junior | \u201everirrt, verwirrt\u201c | M\u00e4rz 2013<\/div><\/div><\/div><div class=\"gallery-group images-1\" style=\"width: 389px; height: 338px;\"><div class=\"tiled-gallery-item tiled-gallery-item-large\"><a href=\"http:\/\/theartic-emden.de\/wp-content\/uploads\/2013\/03\/TJ_VerirrtVerwirrt_Bank4-.jpg\"><img data-attachment-id=\"1074\" data-orig-file=\"http:\/\/theartic-emden.de\/wp-content\/uploads\/2013\/03\/TJ_VerirrtVerwirrt_Bank4-.jpg\" data-orig-size=\"1100,954\" data-comments-opened=\"0\" data-image-meta=\"{&quot;aperture&quot;:&quot;4&quot;,&quot;credit&quot;:&quot;Ernst Weerts&quot;,&quot;camera&quot;:&quot;DSLR-A900&quot;,&quot;caption&quot;:&quot;Theatic junior - verirrt, verwirrt | 03\\\/2013 | Fotos: Ernst Weerts | www.ernstweerts.de&quot;,&quot;created_timestamp&quot;:&quot;1362158877&quot;,&quot;copyright&quot;:&quot;Ernst Weerts | www.ernstweerts.de&quot;,&quot;focal_length&quot;:&quot;100&quot;,&quot;iso&quot;:&quot;1600&quot;,&quot;shutter_speed&quot;:&quot;0.003125&quot;,&quot;title&quot;:&quot;&quot;}\" data-image-title=\"Theartic junior | \u201everirrt, verwirrt\u201c | M\u00e4rz 2013\" data-image-description=\"&lt;p&gt;Theatic junior &#8211; verirrt, verwirrt | 03\/2013 | Fotos: Ernst Weerts | www.ernstweerts.de&lt;\/p&gt;\n\" data-medium-file=\"http:\/\/theartic-emden.de\/wp-content\/uploads\/2013\/03\/TJ_VerirrtVerwirrt_Bank4--480x416.jpg\" data-large-file=\"http:\/\/theartic-emden.de\/wp-content\/uploads\/2013\/03\/TJ_VerirrtVerwirrt_Bank4--922x800.jpg\" src=\"http:\/\/theartic-emden.de\/wp-content\/uploads\/2013\/03\/TJ_VerirrtVerwirrt_Bank4-.jpg?w=385&#038;h=334\" width=\"385\" height=\"334\" align=\"left\" title=\"Theartic junior | \u201everirrt, verwirrt\u201c | M\u00e4rz 2013\" \/><\/a><div class=\"tiled-gallery-caption\">Theartic junior | \u201everirrt, verwirrt\u201c | M\u00e4rz 2013<\/div><\/div><\/div><\/div><div class=\"gallery-row\" style=\"width: 635px; height: 208px;\"><div class=\"gallery-group images-1\" style=\"width: 302px; height: 212px;\"><div class=\"tiled-gallery-item tiled-gallery-item-large\"><a href=\"http:\/\/theartic-emden.de\/wp-content\/uploads\/2013\/03\/TJ_VerirrtVerwirrt_Bank5-.jpg\"><img data-attachment-id=\"1073\" data-orig-file=\"http:\/\/theartic-emden.de\/wp-content\/uploads\/2013\/03\/TJ_VerirrtVerwirrt_Bank5-.jpg\" data-orig-size=\"1100,766\" data-comments-opened=\"0\" data-image-meta=\"{&quot;aperture&quot;:&quot;4&quot;,&quot;credit&quot;:&quot;Ernst Weerts&quot;,&quot;camera&quot;:&quot;DSLR-A900&quot;,&quot;caption&quot;:&quot;Theatic junior - verirrt, verwirrt | 03\\\/2013 | Fotos: Ernst Weerts | www.ernstweerts.de&quot;,&quot;created_timestamp&quot;:&quot;1362159044&quot;,&quot;copyright&quot;:&quot;Ernst Weerts | www.ernstweerts.de&quot;,&quot;focal_length&quot;:&quot;300&quot;,&quot;iso&quot;:&quot;1600&quot;,&quot;shutter_speed&quot;:&quot;0.003125&quot;,&quot;title&quot;:&quot;&quot;}\" data-image-title=\"Theartic junior | \u201everirrt, verwirrt\u201c | M\u00e4rz 2013\" data-image-description=\"&lt;p&gt;Theatic junior &#8211; verirrt, verwirrt | 03\/2013 | Fotos: Ernst Weerts | www.ernstweerts.de&lt;\/p&gt;\n\" data-medium-file=\"http:\/\/theartic-emden.de\/wp-content\/uploads\/2013\/03\/TJ_VerirrtVerwirrt_Bank5--480x334.jpg\" data-large-file=\"http:\/\/theartic-emden.de\/wp-content\/uploads\/2013\/03\/TJ_VerirrtVerwirrt_Bank5--1024x713.jpg\" src=\"http:\/\/theartic-emden.de\/wp-content\/uploads\/2013\/03\/TJ_VerirrtVerwirrt_Bank5-.jpg?w=298&#038;h=208\" width=\"298\" height=\"208\" align=\"left\" title=\"Theartic junior | \u201everirrt, verwirrt\u201c | M\u00e4rz 2013\" \/><\/a><div class=\"tiled-gallery-caption\">Theartic junior | \u201everirrt, verwirrt\u201c | M\u00e4rz 2013<\/div><\/div><\/div><div class=\"gallery-group images-1\" style=\"width: 333px; height: 212px;\"><div class=\"tiled-gallery-item tiled-gallery-item-large\"><a href=\"http:\/\/theartic-emden.de\/wp-content\/uploads\/2013\/03\/TJ_VerirrtVerwirrt_Erschrocken-.jpg\"><img data-attachment-id=\"1072\" data-orig-file=\"http:\/\/theartic-emden.de\/wp-content\/uploads\/2013\/03\/TJ_VerirrtVerwirrt_Erschrocken-.jpg\" data-orig-size=\"1100,696\" data-comments-opened=\"0\" data-image-meta=\"{&quot;aperture&quot;:&quot;4&quot;,&quot;credit&quot;:&quot;Ernst Weerts&quot;,&quot;camera&quot;:&quot;DSLR-A900&quot;,&quot;caption&quot;:&quot;Theatic junior - verirrt, verwirrt | 03\\\/2013 | Fotos: Ernst Weerts | www.ernstweerts.de&quot;,&quot;created_timestamp&quot;:&quot;1362159332&quot;,&quot;copyright&quot;:&quot;Ernst Weerts | www.ernstweerts.de&quot;,&quot;focal_length&quot;:&quot;300&quot;,&quot;iso&quot;:&quot;1600&quot;,&quot;shutter_speed&quot;:&quot;0.00625&quot;,&quot;title&quot;:&quot;&quot;}\" data-image-title=\"Theartic junior | \u201everirrt, verwirrt\u201c | M\u00e4rz 2013\" data-image-description=\"&lt;p&gt;Theatic junior &#8211; verirrt, verwirrt | 03\/2013 | Fotos: Ernst Weerts | www.ernstweerts.de&lt;\/p&gt;\n\" data-medium-file=\"http:\/\/theartic-emden.de\/wp-content\/uploads\/2013\/03\/TJ_VerirrtVerwirrt_Erschrocken--480x303.jpg\" data-large-file=\"http:\/\/theartic-emden.de\/wp-content\/uploads\/2013\/03\/TJ_VerirrtVerwirrt_Erschrocken--1024x647.jpg\" src=\"http:\/\/theartic-emden.de\/wp-content\/uploads\/2013\/03\/TJ_VerirrtVerwirrt_Erschrocken-.jpg?w=329&#038;h=208\" width=\"329\" height=\"208\" align=\"left\" title=\"Theartic junior | \u201everirrt, verwirrt\u201c | M\u00e4rz 2013\" \/><\/a><div class=\"tiled-gallery-caption\">Theartic junior | \u201everirrt, verwirrt\u201c | M\u00e4rz 2013<\/div><\/div><\/div><\/div><div class=\"gallery-row\" style=\"width: 635px; height: 214px;\"><div class=\"gallery-group images-1\" style=\"width: 310px; height: 218px;\"><div class=\"tiled-gallery-item tiled-gallery-item-large\"><a href=\"http:\/\/theartic-emden.de\/wp-content\/uploads\/2013\/03\/TJ_VerirrtVerwirrt_Meerjungfrauen1-.jpg\"><img data-attachment-id=\"1071\" data-orig-file=\"http:\/\/theartic-emden.de\/wp-content\/uploads\/2013\/03\/TJ_VerirrtVerwirrt_Meerjungfrauen1-.jpg\" data-orig-size=\"1100,767\" data-comments-opened=\"0\" data-image-meta=\"{&quot;aperture&quot;:&quot;4&quot;,&quot;credit&quot;:&quot;Ernst Weerts&quot;,&quot;camera&quot;:&quot;DSLR-A900&quot;,&quot;caption&quot;:&quot;Theatic junior - verirrt, verwirrt | 03\\\/2013 | Fotos: Ernst Weerts | www.ernstweerts.de&quot;,&quot;created_timestamp&quot;:&quot;1362160043&quot;,&quot;copyright&quot;:&quot;Ernst Weerts | www.ernstweerts.de&quot;,&quot;focal_length&quot;:&quot;280&quot;,&quot;iso&quot;:&quot;1600&quot;,&quot;shutter_speed&quot;:&quot;0.005&quot;,&quot;title&quot;:&quot;&quot;}\" data-image-title=\"Theartic junior | \u201everirrt, verwirrt\u201c | M\u00e4rz 2013\" data-image-description=\"&lt;p&gt;Theatic junior &#8211; verirrt, verwirrt | 03\/2013 | Fotos: Ernst Weerts | www.ernstweerts.de&lt;\/p&gt;\n\" data-medium-file=\"http:\/\/theartic-emden.de\/wp-content\/uploads\/2013\/03\/TJ_VerirrtVerwirrt_Meerjungfrauen1--480x334.jpg\" data-large-file=\"http:\/\/theartic-emden.de\/wp-content\/uploads\/2013\/03\/TJ_VerirrtVerwirrt_Meerjungfrauen1--1024x714.jpg\" src=\"http:\/\/theartic-emden.de\/wp-content\/uploads\/2013\/03\/TJ_VerirrtVerwirrt_Meerjungfrauen1-.jpg?w=306&#038;h=214\" width=\"306\" height=\"214\" align=\"left\" title=\"Theartic junior | \u201everirrt, verwirrt\u201c | M\u00e4rz 2013\" \/><\/a><div class=\"tiled-gallery-caption\">Theartic junior | \u201everirrt, verwirrt\u201c | M\u00e4rz 2013<\/div><\/div><\/div><div class=\"gallery-group images-1\" style=\"width: 325px; height: 218px;\"><div class=\"tiled-gallery-item tiled-gallery-item-large\"><a href=\"http:\/\/theartic-emden.de\/wp-content\/uploads\/2013\/03\/TJ_VerirrtVerwirrt_Kobold4-.jpg\"><img data-attachment-id=\"1070\" data-orig-file=\"http:\/\/theartic-emden.de\/wp-content\/uploads\/2013\/03\/TJ_VerirrtVerwirrt_Kobold4-.jpg\" data-orig-size=\"1100,733\" data-comments-opened=\"0\" data-image-meta=\"{&quot;aperture&quot;:&quot;4&quot;,&quot;credit&quot;:&quot;Ernst Weerts&quot;,&quot;camera&quot;:&quot;DSLR-A900&quot;,&quot;caption&quot;:&quot;Theatic junior - verirrt, verwirrt | 03\\\/2013 | Fotos: Ernst Weerts | www.ernstweerts.de&quot;,&quot;created_timestamp&quot;:&quot;1362160113&quot;,&quot;copyright&quot;:&quot;Ernst Weerts | www.ernstweerts.de&quot;,&quot;focal_length&quot;:&quot;230&quot;,&quot;iso&quot;:&quot;1600&quot;,&quot;shutter_speed&quot;:&quot;0.00125&quot;,&quot;title&quot;:&quot;&quot;}\" data-image-title=\"Theartic junior | \u201everirrt, verwirrt\u201c | M\u00e4rz 2013\" data-image-description=\"&lt;p&gt;Theatic junior &#8211; verirrt, verwirrt | 03\/2013 | Fotos: Ernst Weerts | www.ernstweerts.de&lt;\/p&gt;\n\" data-medium-file=\"http:\/\/theartic-emden.de\/wp-content\/uploads\/2013\/03\/TJ_VerirrtVerwirrt_Kobold4--480x319.jpg\" data-large-file=\"http:\/\/theartic-emden.de\/wp-content\/uploads\/2013\/03\/TJ_VerirrtVerwirrt_Kobold4--1024x682.jpg\" src=\"http:\/\/theartic-emden.de\/wp-content\/uploads\/2013\/03\/TJ_VerirrtVerwirrt_Kobold4-.jpg?w=321&#038;h=214\" width=\"321\" height=\"214\" align=\"left\" title=\"Theartic junior | \u201everirrt, verwirrt\u201c | M\u00e4rz 2013\" \/><\/a><div class=\"tiled-gallery-caption\">Theartic junior | \u201everirrt, verwirrt\u201c | M\u00e4rz 2013<\/div><\/div><\/div><\/div><div class=\"gallery-row\" style=\"width: 635px; height: 549px;\"><div class=\"gallery-group images-1\" style=\"width: 415px; height: 553px;\"><div class=\"tiled-gallery-item tiled-gallery-item-large\"><a href=\"http:\/\/theartic-emden.de\/wp-content\/uploads\/2013\/03\/TJ_VerirrtVerwirrt_Premiere_Model1-.jpg\"><img data-attachment-id=\"1069\" data-orig-file=\"http:\/\/theartic-emden.de\/wp-content\/uploads\/2013\/03\/TJ_VerirrtVerwirrt_Premiere_Model1-.jpg\" data-orig-size=\"823,1100\" data-comments-opened=\"0\" data-image-meta=\"{&quot;aperture&quot;:&quot;4&quot;,&quot;credit&quot;:&quot;Ernst Weerts&quot;,&quot;camera&quot;:&quot;DSLR-A900&quot;,&quot;caption&quot;:&quot;&quot;,&quot;created_timestamp&quot;:&quot;1362241675&quot;,&quot;copyright&quot;:&quot;Ernst Weerts | www.ernstweerts.de&quot;,&quot;focal_length&quot;:&quot;180&quot;,&quot;iso&quot;:&quot;1600&quot;,&quot;shutter_speed&quot;:&quot;0.0166666666667&quot;,&quot;title&quot;:&quot;SONY DSC&quot;}\" data-image-title=\"Theartic junior | \u201everirrt, verwirrt\u201c | M\u00e4rz 2013\" data-image-description=\"\" data-medium-file=\"http:\/\/theartic-emden.de\/wp-content\/uploads\/2013\/03\/TJ_VerirrtVerwirrt_Premiere_Model1--359x480.jpg\" data-large-file=\"http:\/\/theartic-emden.de\/wp-content\/uploads\/2013\/03\/TJ_VerirrtVerwirrt_Premiere_Model1--598x800.jpg\" src=\"http:\/\/theartic-emden.de\/wp-content\/uploads\/2013\/03\/TJ_VerirrtVerwirrt_Premiere_Model1-.jpg?w=411&#038;h=549\" width=\"411\" height=\"549\" align=\"left\" title=\"Theartic junior | \u201everirrt, verwirrt\u201c | M\u00e4rz 2013\" \/><\/a><div class=\"tiled-gallery-caption\">Theartic junior | \u201everirrt, verwirrt\u201c | M\u00e4rz 2013<\/div><\/div><\/div><div class=\"gallery-group images-3\" style=\"width: 220px; height: 553px;\"><div class=\"tiled-gallery-item tiled-gallery-item-small\"><a href=\"http:\/\/theartic-emden.de\/wp-content\/uploads\/2013\/03\/TJ_VerirrtVerwirrt_Premiere_Gruppe1-08875.jpg\"><img data-attachment-id=\"1068\" data-orig-file=\"http:\/\/theartic-emden.de\/wp-content\/uploads\/2013\/03\/TJ_VerirrtVerwirrt_Premiere_Gruppe1-08875.jpg\" data-orig-size=\"1100,859\" data-comments-opened=\"0\" data-image-meta=\"{&quot;aperture&quot;:&quot;4&quot;,&quot;credit&quot;:&quot;Ernst Weerts&quot;,&quot;camera&quot;:&quot;DSLR-A900&quot;,&quot;caption&quot;:&quot;&quot;,&quot;created_timestamp&quot;:&quot;1362242658&quot;,&quot;copyright&quot;:&quot;Ernst Weerts | www.ernstweerts.de&quot;,&quot;focal_length&quot;:&quot;100&quot;,&quot;iso&quot;:&quot;1600&quot;,&quot;shutter_speed&quot;:&quot;0.008&quot;,&quot;title&quot;:&quot;SONY DSC&quot;}\" data-image-title=\"Theartic junior | \u201everirrt, verwirrt\u201c | M\u00e4rz 2013\" data-image-description=\"\" data-medium-file=\"http:\/\/theartic-emden.de\/wp-content\/uploads\/2013\/03\/TJ_VerirrtVerwirrt_Premiere_Gruppe1-08875-480x374.jpg\" data-large-file=\"http:\/\/theartic-emden.de\/wp-content\/uploads\/2013\/03\/TJ_VerirrtVerwirrt_Premiere_Gruppe1-08875-1024x800.jpg\" src=\"http:\/\/theartic-emden.de\/wp-content\/uploads\/2013\/03\/TJ_VerirrtVerwirrt_Premiere_Gruppe1-08875.jpg?w=216&#038;h=169\" width=\"216\" height=\"169\" align=\"left\" title=\"Theartic junior | \u201everirrt, verwirrt\u201c | M\u00e4rz 2013\" \/><\/a><div class=\"tiled-gallery-caption\">Theartic junior | \u201everirrt, verwirrt\u201c | M\u00e4rz 2013<\/div><\/div><div class=\"tiled-gallery-item tiled-gallery-item-small\"><a href=\"http:\/\/theartic-emden.de\/wp-content\/uploads\/2013\/03\/TJ_VerirrtVerwirrt_Premiere_Kobold2-.jpg\"><img data-attachment-id=\"1067\" data-orig-file=\"http:\/\/theartic-emden.de\/wp-content\/uploads\/2013\/03\/TJ_VerirrtVerwirrt_Premiere_Kobold2-.jpg\" data-orig-size=\"1100,797\" data-comments-opened=\"0\" data-image-meta=\"{&quot;aperture&quot;:&quot;4&quot;,&quot;credit&quot;:&quot;Ernst Weerts&quot;,&quot;camera&quot;:&quot;DSLR-A900&quot;,&quot;caption&quot;:&quot;&quot;,&quot;created_timestamp&quot;:&quot;1362243082&quot;,&quot;copyright&quot;:&quot;Ernst Weerts | www.ernstweerts.de&quot;,&quot;focal_length&quot;:&quot;200&quot;,&quot;iso&quot;:&quot;1600&quot;,&quot;shutter_speed&quot;:&quot;0.005&quot;,&quot;title&quot;:&quot;SONY DSC&quot;}\" data-image-title=\"Theartic junior | \u201everirrt, verwirrt\u201c | M\u00e4rz 2013\" data-image-description=\"\" data-medium-file=\"http:\/\/theartic-emden.de\/wp-content\/uploads\/2013\/03\/TJ_VerirrtVerwirrt_Premiere_Kobold2--480x347.jpg\" data-large-file=\"http:\/\/theartic-emden.de\/wp-content\/uploads\/2013\/03\/TJ_VerirrtVerwirrt_Premiere_Kobold2--1024x741.jpg\" src=\"http:\/\/theartic-emden.de\/wp-content\/uploads\/2013\/03\/TJ_VerirrtVerwirrt_Premiere_Kobold2-.jpg?w=216&#038;h=156\" width=\"216\" height=\"156\" align=\"left\" title=\"Theartic junior | \u201everirrt, verwirrt\u201c | M\u00e4rz 2013\" \/><\/a><div class=\"tiled-gallery-caption\">Theartic junior | \u201everirrt, verwirrt\u201c | M\u00e4rz 2013<\/div><\/div><div class=\"tiled-gallery-item tiled-gallery-item-small\"><a href=\"http:\/\/theartic-emden.de\/wp-content\/uploads\/2013\/03\/TJ_Gestrandet_JanaKegler-09127.jpg\"><img data-attachment-id=\"1023\" data-orig-file=\"http:\/\/theartic-emden.de\/wp-content\/uploads\/2013\/03\/TJ_Gestrandet_JanaKegler-09127.jpg\" data-orig-size=\"300,300\" data-comments-opened=\"0\" data-image-meta=\"{&quot;aperture&quot;:&quot;4&quot;,&quot;credit&quot;:&quot;&quot;,&quot;camera&quot;:&quot;DSLR-A900&quot;,&quot;caption&quot;:&quot;&quot;,&quot;created_timestamp&quot;:&quot;1362330511&quot;,&quot;copyright&quot;:&quot;&quot;,&quot;focal_length&quot;:&quot;230&quot;,&quot;iso&quot;:&quot;1600&quot;,&quot;shutter_speed&quot;:&quot;0.01&quot;,&quot;title&quot;:&quot;SONY DSC&quot;}\" data-image-title=\"Jana Kegler\" data-image-description=\"\" data-medium-file=\"http:\/\/theartic-emden.de\/wp-content\/uploads\/2013\/03\/TJ_Gestrandet_JanaKegler-09127.jpg\" data-large-file=\"http:\/\/theartic-emden.de\/wp-content\/uploads\/2013\/03\/TJ_Gestrandet_JanaKegler-09127.jpg\" src=\"http:\/\/theartic-emden.de\/wp-content\/uploads\/2013\/03\/TJ_Gestrandet_JanaKegler-09127.jpg?w=216&#038;h=216\" width=\"216\" height=\"216\" align=\"left\" title=\"Jana Kegler\" \/><\/a><\/div><\/div><\/div><div class=\"gallery-row\" style=\"width: 635px; height: 506px;\"><div class=\"gallery-group images-2\" style=\"width: 312px; height: 510px;\"><div class=\"tiled-gallery-item tiled-gallery-item-large\"><a href=\"http:\/\/theartic-emden.de\/wp-content\/uploads\/2013\/03\/TJ_Gestrandet_JanaKegler-.jpg\"><img data-attachment-id=\"1016\" data-orig-file=\"http:\/\/theartic-emden.de\/wp-content\/uploads\/2013\/03\/TJ_Gestrandet_JanaKegler-.jpg\" data-orig-size=\"1000,631\" data-comments-opened=\"0\" data-image-meta=\"{&quot;aperture&quot;:&quot;4.5&quot;,&quot;credit&quot;:&quot;&quot;,&quot;camera&quot;:&quot;DSLR-A900&quot;,&quot;caption&quot;:&quot;&quot;,&quot;created_timestamp&quot;:&quot;1362329996&quot;,&quot;copyright&quot;:&quot;&quot;,&quot;focal_length&quot;:&quot;135&quot;,&quot;iso&quot;:&quot;1600&quot;,&quot;shutter_speed&quot;:&quot;0.00625&quot;,&quot;title&quot;:&quot;SONY DSC&quot;}\" data-image-title=\"Theartic junior | \u201everirrt, verwirrt\u201c | M\u00e4rz 2013\" data-image-description=\"\" data-medium-file=\"http:\/\/theartic-emden.de\/wp-content\/uploads\/2013\/03\/TJ_Gestrandet_JanaKegler--480x302.jpg\" data-large-file=\"http:\/\/theartic-emden.de\/wp-content\/uploads\/2013\/03\/TJ_Gestrandet_JanaKegler-.jpg\" src=\"http:\/\/theartic-emden.de\/wp-content\/uploads\/2013\/03\/TJ_Gestrandet_JanaKegler-.jpg?w=308&#038;h=194\" width=\"308\" height=\"194\" align=\"left\" title=\"Theartic junior | \u201everirrt, verwirrt\u201c | M\u00e4rz 2013\" \/><\/a><div class=\"tiled-gallery-caption\">Theartic junior | \u201everirrt, verwirrt\u201c | M\u00e4rz 2013<\/div><\/div><div class=\"tiled-gallery-item tiled-gallery-item-large\"><a href=\"http:\/\/theartic-emden.de\/wp-content\/uploads\/2013\/03\/TJ_Gestrandet_MalikMeyer-02347.jpg\"><img data-attachment-id=\"1014\" data-orig-file=\"http:\/\/theartic-emden.de\/wp-content\/uploads\/2013\/03\/TJ_Gestrandet_MalikMeyer-02347.jpg\" data-orig-size=\"300,300\" data-comments-opened=\"0\" data-image-meta=\"{&quot;aperture&quot;:&quot;3.2&quot;,&quot;credit&quot;:&quot;&quot;,&quot;camera&quot;:&quot;DSLR-A900&quot;,&quot;caption&quot;:&quot;&quot;,&quot;created_timestamp&quot;:&quot;1317478498&quot;,&quot;copyright&quot;:&quot;&quot;,&quot;focal_length&quot;:&quot;50&quot;,&quot;iso&quot;:&quot;200&quot;,&quot;shutter_speed&quot;:&quot;0.00625&quot;,&quot;title&quot;:&quot;SONY DSC&quot;}\" data-image-title=\"Malik Meyer\" data-image-description=\"\" data-medium-file=\"http:\/\/theartic-emden.de\/wp-content\/uploads\/2013\/03\/TJ_Gestrandet_MalikMeyer-02347.jpg\" data-large-file=\"http:\/\/theartic-emden.de\/wp-content\/uploads\/2013\/03\/TJ_Gestrandet_MalikMeyer-02347.jpg\" src=\"http:\/\/theartic-emden.de\/wp-content\/uploads\/2013\/03\/TJ_Gestrandet_MalikMeyer-02347.jpg?w=308&#038;h=308\" width=\"308\" height=\"308\" align=\"left\" title=\"Malik Meyer\" \/><\/a><\/div><\/div><div class=\"gallery-group images-1\" style=\"width: 323px; height: 510px;\"><div class=\"tiled-gallery-item tiled-gallery-item-large\"><a href=\"http:\/\/theartic-emden.de\/wp-content\/uploads\/2013\/03\/TJ_Gestrandet_MalikMeyer-.jpg\"><img data-attachment-id=\"992\" data-orig-file=\"http:\/\/theartic-emden.de\/wp-content\/uploads\/2013\/03\/TJ_Gestrandet_MalikMeyer-.jpg\" data-orig-size=\"568,900\" data-comments-opened=\"0\" data-image-meta=\"{&quot;aperture&quot;:&quot;4.5&quot;,&quot;credit&quot;:&quot;&quot;,&quot;camera&quot;:&quot;DSLR-A900&quot;,&quot;caption&quot;:&quot;&quot;,&quot;created_timestamp&quot;:&quot;1318334732&quot;,&quot;copyright&quot;:&quot;&quot;,&quot;focal_length&quot;:&quot;70&quot;,&quot;iso&quot;:&quot;400&quot;,&quot;shutter_speed&quot;:&quot;0.008&quot;,&quot;title&quot;:&quot;SONY DSC&quot;}\" data-image-title=\"Malik Meyer als &#8222;Der Junge mit dem Fu\u00df&#8220;\" data-image-description=\"\" data-medium-file=\"http:\/\/theartic-emden.de\/wp-content\/uploads\/2013\/03\/TJ_Gestrandet_MalikMeyer--302x480.jpg\" data-large-file=\"http:\/\/theartic-emden.de\/wp-content\/uploads\/2013\/03\/TJ_Gestrandet_MalikMeyer--504x800.jpg\" src=\"http:\/\/theartic-emden.de\/wp-content\/uploads\/2013\/03\/TJ_Gestrandet_MalikMeyer-.jpg?w=319&#038;h=506\" width=\"319\" height=\"506\" align=\"left\" title=\"Malik Meyer als &quot;Der Junge mit dem Fu\u00df&quot;\" \/><\/a><div class=\"tiled-gallery-caption\">Malik Meyer als &#8222;Der Junge mit dem Fu\u00df&#8220; (Theartic junior 2011)<\/div><\/div><\/div><\/div><div class=\"gallery-row\" style=\"width: 635px; height: 400px;\"><div class=\"gallery-group images-1\" style=\"width: 635px; height: 404px;\"><div class=\"tiled-gallery-item tiled-gallery-item-large\"><a href=\"http:\/\/theartic-emden.de\/wp-content\/uploads\/2013\/03\/EZ-Bild_verirrtverwirrt2.jpg\"><img data-attachment-id=\"981\" data-orig-file=\"http:\/\/theartic-emden.de\/wp-content\/uploads\/2013\/03\/EZ-Bild_verirrtverwirrt2.jpg\" data-orig-size=\"1125,714\" data-comments-opened=\"0\" data-image-meta=\"{&quot;aperture&quot;:&quot;0&quot;,&quot;credit&quot;:&quot;&quot;,&quot;camera&quot;:&quot;&quot;,&quot;caption&quot;:&quot;&quot;,&quot;created_timestamp&quot;:&quot;0&quot;,&quot;copyright&quot;:&quot;&quot;,&quot;focal_length&quot;:&quot;0&quot;,&quot;iso&quot;:&quot;0&quot;,&quot;shutter_speed&quot;:&quot;0&quot;,&quot;title&quot;:&quot;&quot;}\" data-image-title=\"EZ-Bild_verirrtverwirrt2\" data-image-description=\"\" data-medium-file=\"http:\/\/theartic-emden.de\/wp-content\/uploads\/2013\/03\/EZ-Bild_verirrtverwirrt2-480x304.jpg\" data-large-file=\"http:\/\/theartic-emden.de\/wp-content\/uploads\/2013\/03\/EZ-Bild_verirrtverwirrt2-1024x649.jpg\" src=\"http:\/\/theartic-emden.de\/wp-content\/uploads\/2013\/03\/EZ-Bild_verirrtverwirrt2.jpg?w=631&#038;h=400\" width=\"631\" height=\"400\" align=\"left\" title=\"EZ-Bild_verirrtverwirrt2\" \/><\/a><\/div><\/div><\/div><\/div>\n<p>Fotograf: <a title=\"Zur Website des Fotografen...\" href=\"http:\/\/ernstweerts.de\" target=\"_blank\" rel=\"noopener\">Ernst Weerts <\/a><\/p>\n","protected":false},"excerpt":{"rendered":"<p>Fotos der Theartic junior Produktion \u201everirrt, verwirrt\u201c (M\u00e4rz 2013 | Kulturbunker Barenburg) Bilder zum Vergr\u00f6\u00dfern anklicken. Fotograf: Ernst Weerts<\/p>\n","protected":false},"author":1,"featured_media":0,"parent":186,"menu_order":0,"comment_status":"closed","ping_status":"closed","template":"onecolumn-page.php","meta":{"ngg_post_thumbnail":0},"_links":{"self":[{"href":"http:\/\/theartic-emden.de\/index.php?rest_route=\/wp\/v2\/pages\/1058"}],"collection":[{"href":"http:\/\/theartic-emden.de\/index.php?rest_route=\/wp\/v2\/pages"}],"about":[{"href":"http:\/\/theartic-emden.de\/index.php?rest_route=\/wp\/v2\/types\/page"}],"author":[{"embeddable":true,"href":"http:\/\/theartic-emden.de\/index.php?rest_route=\/wp\/v2\/users\/1"}],"replies":[{"embeddable":true,"href":"http:\/\/theartic-emden.de\/index.php?rest_route=%2Fwp%2Fv2%2Fcomments&post=1058"}],"version-history":[{"count":35,"href":"http:\/\/theartic-emden.de\/index.php?rest_route=\/wp\/v2\/pages\/1058\/revisions"}],"predecessor-version":[{"id":3041,"href":"http:\/\/theartic-emden.de\/index.php?rest_route=\/wp\/v2\/pages\/1058\/revisions\/3041"}],"up":[{"embeddable":true,"href":"http:\/\/theartic-emden.de\/index.php?rest_route=\/wp\/v2\/pages\/186"}],"wp:attachment":[{"href":"http:\/\/theartic-emden.de\/index.php?rest_route=%2Fwp%2Fv2%2Fmedia&parent=1058"}],"curies":[{"name":"wp","href":"https:\/\/api.w.org\/{rel}","templated":true}]}}